

{"id":505,"date":"2018-10-09T10:10:18","date_gmt":"2018-10-09T08:10:18","guid":{"rendered":"http:\/\/www.pose.lu\/?page_id=505"},"modified":"2024-06-27T15:49:31","modified_gmt":"2024-06-27T13:49:31","slug":"presentation","status":"publish","type":"page","link":"https:\/\/www.pose.lu\/de\/presentation\/","title":{"rendered":"Pr\u00e4sentation"},"content":{"rendered":"<p>[vc_row el_class=&#8221;section-full p-tb90 bg-gray&#8221; css=&#8221;.vc_custom_1539077007086{background-color: #f6f7f8 !important;}&#8221; el_id=&#8221;presentation&#8221;][vc_column width=&#8221;1\/2&#8243;]                                               <div class=\"m-about m-l50 m-r50\">\n                                <div class=\"owl-carousel about-us-carousel owl-btn-bottom-right\">\n                                                                            <div class=\"item\">\n                                            <div class=\"ow-img wt-img-effect zoom-slow\">\n                                                <a href=\"#\"><img decoding=\"async\" src=\"https:\/\/www.pose.lu\/wp-content\/uploads\/2019\/06\/Image1-2-7.jpg\" alt=\"\"><\/a>\n                                            <\/div>\n                                        <\/div>\n                                                                            <div class=\"item\">\n                                            <div class=\"ow-img wt-img-effect zoom-slow\">\n                                                <a href=\"#\"><img decoding=\"async\" src=\"https:\/\/www.pose.lu\/wp-content\/uploads\/2019\/06\/Store-venitien-1-2-1.jpg\" alt=\"\"><\/a>\n                                            <\/div>\n                                        <\/div>\n                                                                            <div class=\"item\">\n                                            <div class=\"ow-img wt-img-effect zoom-slow\">\n                                                <a href=\"#\"><img decoding=\"async\" src=\"https:\/\/www.pose.lu\/wp-content\/uploads\/2019\/06\/Stores-Rolo-4-2.jpg\" alt=\"\"><\/a>\n                                            <\/div>\n                                        <\/div>\n                                                                            <div class=\"item\">\n                                            <div class=\"ow-img wt-img-effect zoom-slow\">\n                                                <a href=\"#\"><img decoding=\"async\" src=\"https:\/\/www.pose.lu\/wp-content\/uploads\/2019\/06\/Image1-2-1.jpg\" alt=\"\"><\/a>\n                                            <\/div>\n                                        <\/div>\n                                                                       <\/div>\n                               <\/div>\n                              [\/vc_column][vc_column width=&#8221;1\/2&#8243; el_class=&#8221;presentation-text-block&#8221;][vc_column_text]<\/p>\n<h1>POSE.LU IST DER SPEZIALIST :<\/h1>\n<p>[\/vc_column_text][vc_column_text]<\/p>\n<ul class=\"presentation-list\">\n<li><strong>F\u00dcR DIE REPARATUR VON FENSTERL\u00c4DEN<\/strong><\/li>\n<li><strong>F\u00dcR INNEN- UND AU\u00dfENJALOUSIEN<\/strong><\/li>\n<li><strong>F\u00dcR\u00a0SEITENMARKISEN<\/strong><\/li>\n<li><strong>F\u00dcR PLISS\u00c9ES F\u00dcR VERANDEN UND FENSTER<\/strong><\/li>\n<li><strong>F\u00dcR RAFFROLLOS<\/strong><\/li>\n<li><strong>F\u00dcR FL\u00c4CHENVORH\u00c4NGE<\/strong><\/li>\n<li><strong>F\u00dcR VORH\u00c4NGE<\/strong><\/li>\n<li><strong>F\u00dcR MOSKITONETZE<\/strong><\/li>\n<\/ul>\n<p>[\/vc_column_text][vc_column_text]Auch im Bereich Au\u00dfenjalousien und Insektenschutz bieten wir Ihnen Qualit\u00e4tsprodukte nach Ma\u00df.[\/vc_column_text][\/vc_column][\/vc_row][vc_row][vc_column]                   \n            <div class=\"section-full p-tb90 square_shape1\">\n            \n                <!-- GALLERY CONTENT START -->\n                  <div class=\"container\">\n                    <div class=\"news-listing \">\n                                                   <div class=\"blog-post blog-md date-style-1 clearfix \" >\n                                <div class=\"wt-post-media wt-img-effect zoom-slow\">\n                                    <a href=\"https:\/\/www.pose.lu\/de\/jalousies-stores-venitiens\/\"><img decoding=\"async\" src=\"https:\/\/www.pose.lu\/wp-content\/uploads\/2018\/10\/Stores-plisses-2-2.jpg\" alt=\"\"><\/a>\n                                <\/div>\n                                <div class=\"wt-post-info p-tb30 text-black\">\n                                    <div class=\"wt-post-title \">\n                                        <h2 class=\"post-title\"><a href=\"https:\/\/www.pose.lu\/de\/jalousies-stores-venitiens\/\" class=\"text-black font-17 letter-spacing-4 font-weight-600\">Jalousien<\/a><\/h2>\n                                    <\/div>\n                                    <div class=\"wt-post-text\">\n                                                                                <p><p>Jalousien f\u00fcr elegante Lichtlenkung. Der Klassiker unter den Sonnenschutzsystemen fasziniert immer wieder. Im Handumdrehen erhalten Sie optimale Lichtverh\u00e4ltnisse in Ihrem Wohnzimmer und sind gleichzeitig vor neugierigen Blicken gesch\u00fctzt. Mit ihren vielen Farben\/Mustern in Aluminium, Holz, Leder oder transluzentem Kunststoff setzen Jalousien moderne Akzente und passen sich jedem Einrichtungsstil an.<\/p>\n<\/p>\n                                    <\/div>\n                                                                    <\/div>\n                            <\/div> \n                                                         <div class=\"blog-post blog-md date-style-1 clearfix \" >\n                                <div class=\"wt-post-media wt-img-effect zoom-slow\">\n                                    <a href=\"https:\/\/www.pose.lu\/de\/adaptes-a-toutes-les-situations\/\"><img decoding=\"async\" src=\"https:\/\/www.pose.lu\/wp-content\/uploads\/2018\/10\/Image4-2.jpg\" alt=\"\"><\/a>\n                                <\/div>\n                                <div class=\"wt-post-info p-tb30 text-black\">\n                                    <div class=\"wt-post-title \">\n                                        <h2 class=\"post-title\"><a href=\"https:\/\/www.pose.lu\/de\/adaptes-a-toutes-les-situations\/\" class=\"text-black font-17 letter-spacing-4 font-weight-600\">F\u00fcr alle Situationen geeignet<\/a><\/h2>\n                                    <\/div>\n                                    <div class=\"wt-post-text\">\n                                                                                <p><p>Spezielle Spannformen bieten L\u00f6sungsm\u00f6glichkeiten f\u00fcr nahezu alle Fenstervarianten, vom Trapez bis zum Sechseck. Spannsysteme mit individuell an jede Fensterform und -gr\u00f6\u00dfe angepassten Seilf\u00fchrungen garantieren eine einwandfreie Funktion. Ob in Winterg\u00e4rten, f\u00fcr Trapezfenster oder andere au\u00dfergew\u00f6hnliche Konstruktionen. KADECO Plissees sind f\u00fcr Menschen mit au\u00dfergew\u00f6hnlichen Ideen.<\/p>\n<\/p>\n                                    <\/div>\n                                                                    <\/div>\n                            <\/div> \n                                                         <div class=\"blog-post blog-md date-style-1 clearfix \" >\n                                <div class=\"wt-post-media wt-img-effect zoom-slow\">\n                                    <a href=\"https:\/\/www.pose.lu\/de\/tissus-rigides-parois-japonaises\/\"><img decoding=\"async\" src=\"https:\/\/www.pose.lu\/wp-content\/uploads\/2018\/10\/Parois-japonaises-2-2.jpg\" alt=\"\"><\/a>\n                                <\/div>\n                                <div class=\"wt-post-info p-tb30 text-black\">\n                                    <div class=\"wt-post-title \">\n                                        <h2 class=\"post-title\"><a href=\"https:\/\/www.pose.lu\/de\/tissus-rigides-parois-japonaises\/\" class=\"text-black font-17 letter-spacing-4 font-weight-600\">Starre Stoffe \u2013 Fl\u00e4chenvorh\u00e4nge<\/a><\/h2>\n                                    <\/div>\n                                    <div class=\"wt-post-text\">\n                                                                                <p><p>Starre Stoffe sorgen f\u00fcr einen sauberen, modernen Look. Sie sind in der Luxaflex-Rollokollektion enthalten. So k\u00f6nnen Sie Textil-Schiebel\u00e4den und Rollos im selben Raum kombinieren. Die f\u00fcr die EXPRESSION-Reihe ausgew\u00e4hlten Drucke sind von Natur und Geometrie inspiriert und in verschiedenen Farben erh\u00e4ltlich. Warum nicht ein bedrucktes Paneel mit einem einfachen Paneel kombinieren, um Originalit\u00e4t zu erzielen?<\/p>\n<\/p>\n                                    <\/div>\n                                                                    <\/div>\n                            <\/div> \n                                                         <div class=\"blog-post blog-md date-style-1 clearfix \" >\n                                <div class=\"wt-post-media wt-img-effect zoom-slow\">\n                                    <a href=\"https:\/\/www.pose.lu\/de\/tissus-souples-stores-bateaux\/\"><img decoding=\"async\" src=\"https:\/\/www.pose.lu\/wp-content\/uploads\/2018\/10\/Stores-plisses-4-2.jpg\" alt=\"\"><\/a>\n                                <\/div>\n                                <div class=\"wt-post-info p-tb30 text-black\">\n                                    <div class=\"wt-post-title \">\n                                        <h2 class=\"post-title\"><a href=\"https:\/\/www.pose.lu\/de\/tissus-souples-stores-bateaux\/\" class=\"text-black font-17 letter-spacing-4 font-weight-600\">Weiche Stoffe \u2013 Raffrollos<\/a><\/h2>\n                                    <\/div>\n                                    <div class=\"wt-post-text\">\n                                                                                <p><p>Die Paneele der weichen Stoffe sind an den R\u00e4ndern ges\u00e4umt und eine moderne Variante der traditionellen Gardinen. Sie k\u00f6nnen zwischen mehreren Transparenzstufen w\u00e4hlen. Einige weiche Stoffe sind auch in der Luraflex-Textilrollokollektion enthalten, sodass Sie Ihre Fenster aufeinander abstimmen und die Jalousien im Raum variieren k\u00f6nnen.<\/p>\n<\/p>\n                                    <\/div>\n                                                                    <\/div>\n                            <\/div> \n                                                                                                                                           \n                        <\/div>     \n                                 \n                <\/div>\n            <\/div>\n      [\/vc_column][\/vc_row]<\/p>","protected":false},"excerpt":{"rendered":"<p>[vc_row el_class=&#8221;section-full p-tb90 bg-gray&#8221; css=&#8221;.vc_custom_1539077007086{background-color: #f6f7f8 !important;}&#8221; el_id=&#8221;presentation&#8221;][vc_column width=&#8221;1\/2&#8243;][\/vc_column][vc_column width=&#8221;1\/2&#8243; el_class=&#8221;presentation-text-block&#8221;][vc_column_text] POSE.LU IST DER SPEZIALIST : [\/vc_column_text][vc_column_text] F\u00dcR DIE REPARATUR VON FENSTERL\u00c4DEN F\u00dcR INNEN- UND AU\u00dfENJALOUSIEN F\u00dcR\u00a0SEITENMARKISEN F\u00dcR PLISS\u00c9ES F\u00dcR VERANDEN UND FENSTER F\u00dcR RAFFROLLOS F\u00dcR FL\u00c4CHENVORH\u00c4NGE F\u00dcR VORH\u00c4NGE F\u00dcR MOSKITONETZE [\/vc_column_text][vc_column_text]Auch im Bereich Au\u00dfenjalousien und Insektenschutz bieten wir Ihnen Qualit\u00e4tsprodukte nach Ma\u00df.[\/vc_column_text][\/vc_column][\/vc_row][vc_row][vc_column][\/vc_column][\/vc_row]<\/p>\n","protected":false},"author":1,"featured_media":0,"parent":0,"menu_order":0,"comment_status":"closed","ping_status":"closed","template":"template\/page-detail.php","meta":{"footnotes":""},"class_list":["post-505","page","type-page","status-publish","hentry"],"_links":{"self":[{"href":"https:\/\/www.pose.lu\/de\/wp-json\/wp\/v2\/pages\/505","targetHints":{"allow":["GET"]}}],"collection":[{"href":"https:\/\/www.pose.lu\/de\/wp-json\/wp\/v2\/pages"}],"about":[{"href":"https:\/\/www.pose.lu\/de\/wp-json\/wp\/v2\/types\/page"}],"author":[{"embeddable":true,"href":"https:\/\/www.pose.lu\/de\/wp-json\/wp\/v2\/users\/1"}],"replies":[{"embeddable":true,"href":"https:\/\/www.pose.lu\/de\/wp-json\/wp\/v2\/comments?post=505"}],"version-history":[{"count":25,"href":"https:\/\/www.pose.lu\/de\/wp-json\/wp\/v2\/pages\/505\/revisions"}],"predecessor-version":[{"id":803,"href":"https:\/\/www.pose.lu\/de\/wp-json\/wp\/v2\/pages\/505\/revisions\/803"}],"wp:attachment":[{"href":"https:\/\/www.pose.lu\/de\/wp-json\/wp\/v2\/media?parent=505"}],"curies":[{"name":"wp","href":"https:\/\/api.w.org\/{rel}","templated":true}]}}